{"id":1592,"date":"2018-12-03T16:09:16","date_gmt":"2018-12-03T16:09:16","guid":{"rendered":"http:\/\/hisaproject.org\/?page_id=1592"},"modified":"2026-02-06T09:02:57","modified_gmt":"2026-02-06T09:02:57","slug":"partenaires","status":"publish","type":"page","link":"https:\/\/hisaproject.org\/?page_id=1592","title":{"rendered":"Nos partenaires"},"content":{"rendered":"<p>[et_pb_section fb_built=\u00a0\u00bb1&Prime; fullwidth=\u00a0\u00bbon\u00a0\u00bb _builder_version=\u00a0\u00bb3.22&Prime;][et_pb_fullwidth_slider _builder_version=\u00a0\u00bb4.4.9&Prime; header_font=\u00a0\u00bb||||||||\u00a0\u00bb background_image=\u00a0\u00bbhttps:\/\/hisaproject.org\/wp-content\/uploads\/2023\/05\/Design-sans-titre-1.png\u00a0\u00bb custom_padding=\u00a0\u00bb200px||200px|||\u00a0\u00bb][et_pb_slide heading=\u00a0\u00bbNos partenaires\u00a0\u00bb use_bg_overlay=\u00a0\u00bbon\u00a0\u00bb _builder_version=\u00a0\u00bb4.4.9&Prime; header_font=\u00a0\u00bbOswald|500||on|||||\u00a0\u00bb header_font_size=\u00a0\u00bb64px\u00a0\u00bb background_color=\u00a0\u00bb#ffffff\u00a0\u00bb]<\/p>\n<h1><\/h1>\n<p>[\/et_pb_slide][\/et_pb_fullwidth_slider][\/et_pb_section][et_pb_section fb_built=\u00a0\u00bb1&Prime; admin_label=\u00a0\u00bbProducts Section\u00a0\u00bb _builder_version=\u00a0\u00bb3.22&Prime; custom_padding=\u00a0\u00bb100px|0px|110px|0px|false|false\u00a0\u00bb][et_pb_row _builder_version=\u00a0\u00bb3.25&Prime; background_size=\u00a0\u00bbinitial\u00a0\u00bb background_position=\u00a0\u00bbtop_left\u00a0\u00bb background_repeat=\u00a0\u00bbrepeat\u00a0\u00bb custom_padding=\u00a0\u00bb||6px|||\u00a0\u00bb][et_pb_column type=\u00a0\u00bb4_4&Prime; _builder_version=\u00a0\u00bb3.25&Prime; custom_padding=\u00a0\u00bb|||\u00a0\u00bb custom_padding__hover=\u00a0\u00bb|||\u00a0\u00bb][et_pb_text _builder_version=\u00a0\u00bb4.9.2&Prime; text_font=\u00a0\u00bbOswald|600||on|||||\u00a0\u00bb text_text_color=\u00a0\u00bb#3c3c3c\u00a0\u00bb text_font_size=\u00a0\u00bb45px\u00a0\u00bb]<\/p>\n<p>M\u00e9c\u00e9nat et subventions :<\/p>\n<p>[\/et_pb_text][et_pb_divider divider_position=\u00a0\u00bbcenter\u00a0\u00bb divider_weight=\u00a0\u00bb15px\u00a0\u00bb _builder_version=\u00a0\u00bb4.9.2&Prime; transform_scale=\u00a0\u00bb111%|111%\u00a0\u00bb width=\u00a0\u00bb100%\u00a0\u00bb max_width=\u00a0\u00bb38%\u00a0\u00bb module_alignment=\u00a0\u00bbleft\u00a0\u00bb custom_margin=\u00a0\u00bb-1px|-1px|0px|0px|false|false\u00a0\u00bb custom_padding=\u00a0\u00bb0px|0px||21px|false|false\u00a0\u00bb][\/et_pb_divider][\/et_pb_column][\/et_pb_row][et_pb_row column_structure=\u00a0\u00bb1_2,1_2&Prime; _builder_version=\u00a0\u00bb3.25&Prime; custom_padding=\u00a0\u00bb27px|0px|50px|0px|false|false\u00a0\u00bb][et_pb_column type=\u00a0\u00bb1_2&Prime; _builder_version=\u00a0\u00bb3.25&Prime; custom_padding=\u00a0\u00bb|||\u00a0\u00bb custom_padding__hover=\u00a0\u00bb|||\u00a0\u00bb][et_pb_image src=\u00a0\u00bbhttps:\/\/hisaproject.org\/wp-content\/uploads\/2018\/12\/instinct.png\u00a0\u00bb align=\u00a0\u00bbcenter\u00a0\u00bb align_tablet=\u00a0\u00bbcenter\u00a0\u00bb align_phone=\u00a0\u00bb\u00a0\u00bb align_last_edited=\u00a0\u00bbon|desktop\u00a0\u00bb _builder_version=\u00a0\u00bb3.23&Prime;]<br \/>\n[\/et_pb_image][et_pb_text _builder_version=\u00a0\u00bb3.27.4&Prime; text_font=\u00a0\u00bbNunito||||||||\u00a0\u00bb text_font_size=\u00a0\u00bb16px\u00a0\u00bb text_line_height=\u00a0\u00bb1.4em\u00a0\u00bb custom_margin=\u00a0\u00bb35px|||||\u00a0\u00bb custom_margin_tablet=\u00a0\u00bb80px||50px\u00a0\u00bb custom_margin_phone=\u00a0\u00bb\u00a0\u00bb custom_margin_last_edited=\u00a0\u00bbon|desktop\u00a0\u00bb]<\/p>\n<p style=\"text-align: justify;\">Porte drapeau d\u2019une nouvelle \u00e9conomie, Instinct Project est une d\u00e9monstration de ce que pourrait \u00eatre la mode de demain : un activisme vertueux ! <strong>Le concept ? Reverser \u00ab\u00a0des droits d\u2019auteur\u00a0\u00bb \u00e0 la nature.<\/strong><\/p>\n<p style=\"text-align: justify;\"><strong>Instinct Project a pour vocation d\u2019apporter du sens \u00e0 la mode, de faire conna\u00eetre des esp\u00e8ces trop souvent m\u00e9connues<\/strong>, de se fondre dans leur \u00ab\u00a0peau\u00a0\u00bb de mani\u00e8re responsable pour les prot\u00e9ger en retour. Koko\u00ef de colombie, Tortue \u00e9toil\u00e9e de Madagascar, Z\u00e8bre de Gr\u00e9vy, etc, autant d\u2019esp\u00e8ces en danger repr\u00e9sent\u00e9es au travers des cr\u00e9ations\u00a0 \u00ab\u00a0Sp\u00e9cimen\u00a0\u00bb . De la cr\u00e9ation \u00e0 la fabrication, Instinct Project ne fait aucune concession. Toutes les cr\u00e9ations sont en Jacquard de Tencel \u2013 le fil le plus responsable aujourd\u2019hui \u2013 et la fabrication est 100% fran\u00e7aise. <strong>De plus, la marque s\u2019engage en reversant 10% de ses b\u00e9n\u00e9fices \u00e0 HISA.<\/strong><\/p>\n<p style=\"text-align: justify;\">Pour en savoir plus :\u00a0<a href=\"http:\/\/www.instinct-project.com\/\">www.instinct-project.com\/<\/a><\/p>\n<p>[\/et_pb_text][\/et_pb_column][et_pb_column type=\u00a0\u00bb1_2&Prime; _builder_version=\u00a0\u00bb3.25&Prime; custom_padding=\u00a0\u00bb|||\u00a0\u00bb custom_padding__hover=\u00a0\u00bb|||\u00a0\u00bb][et_pb_image src=\u00a0\u00bbhttps:\/\/hisaproject.org\/wp-content\/uploads\/2026\/02\/LOGO-FONDATION-PURESSENTIEL_BASELINE_FR_rvb.jpg\u00a0\u00bb title_text=\u00a0\u00bbLOGO FONDATION PURESSENTIEL_BASELINE_FR_rvb\u00a0\u00bb align=\u00a0\u00bbcenter\u00a0\u00bb align_tablet=\u00a0\u00bbcenter\u00a0\u00bb align_phone=\u00a0\u00bb\u00a0\u00bb align_last_edited=\u00a0\u00bbon|desktop\u00a0\u00bb _builder_version=\u00a0\u00bb4.4.9&Prime; hover_enabled=\u00a0\u00bb0&Prime; width=\u00a0\u00bb34%\u00a0\u00bb]<br \/>\n[\/et_pb_image][et_pb_text _builder_version=\u00a0\u00bb4.4.9&Prime; text_font=\u00a0\u00bbNunito||||||||\u00a0\u00bb text_font_size=\u00a0\u00bb16px\u00a0\u00bb text_line_height=\u00a0\u00bb1.4em\u00a0\u00bb custom_margin=\u00a0\u00bb-4px|||||\u00a0\u00bb hover_enabled=\u00a0\u00bb0&Prime;]<\/p>\n<p style=\"text-align: justify;\"><span data-olk-copy-source=\"MessageBody\">La Fondation Puressentiel a pour mission la protection de la Nature, de l\u2019Enfance et de la Sant\u00e9, pour mieux vivre ensemble tout naturellement.\u00a0<\/span><span>Elle agit partout dans le monde et soutient des projets ayant comme crit\u00e8re principal que chaque initiative soit r\u00e9alis\u00e9e dans le respect d\u2019une d\u00e9marche \u00e9coresponsable, solidaire et durable.\u00a0<\/span><span>Elle finance des projets concrets avec une\u00a0mission pr\u00e9cise et d\u00e9finie, et suit leur r\u00e9alisation effective.<\/span><\/p>\n<p style=\"text-align: justify;\"><span>En 2026,\u00a0la Fondation Puressentiel prot\u00e8ge la biodiversit\u00e9 et la nature en soutenant notre projet \u00ab\u00a0MAFUTA\u00a0\u00bb : Manufacture d&rsquo;huiles pour l&rsquo;Autonomisation en Faveur d&rsquo;Une Tol\u00e9rance avec les Animaux, en Tanzanie avec la cr\u00e9ation d\u2019une for\u00eat partag\u00e9e de 10 hectares, 10 000 arbres plant\u00e9s, la cr\u00e9ation d\u2019une coop\u00e9rative agricole avec 50 jeunes femmes et jeunes hommes et la sauvegarde des \u00e9l\u00e9phants.<b>\u00a0<\/b>\u00a0La vision novatrice de ce projet consiste \u00e0 ne pas uniquement isoler les hommes des animaux sauvages par la mise en place de barri\u00e8res, mais \u00e0 cr\u00e9er des for\u00eats partag\u00e9es dans lesquelles hommes et \u00e9l\u00e9phants peuvent coexister. Ses barri\u00e8res et for\u00eats productives partag\u00e9es prot\u00e8gent les cultures, recr\u00e9ent un refuge pour la faune et apportent des revenus durables pour les populations locales.<\/span><\/p>\n<p style=\"text-align: justify;\"><span>Ce projet durable r\u00e9pond \u00e0 3 objectifs compl\u00e9mentaires : l\u2019autonomisation \u00e9conomique, la reforestation du corridor tout en limitant la comp\u00e9tition pour les ressources. \u00a0<\/span><span>\u00a0<\/span><\/p>\n<p style=\"text-align: justify;\"><span>Vous pouvez suivre l\u2019actualit\u00e9 de la Fondation Puressentiel et des projets qu\u2019elle soutient \u00e0 travers le monde, sur\u00a0<b><a data-auth=\"NotApplicable\" href=\"https:\/\/fr.puressentiel.com\/pages\/fondation-puressentiel\" data-linkindex=\"0\" title=\"https:\/\/fr.puressentiel.com\/pages\/fondation-puressentiel\">puressentiel.com<\/a><\/b>\u00a0et sur Instagram\u00a0:\u00a0<b><a data-auth=\"NotApplicable\" href=\"https:\/\/www.instagram.com\/fondationpuressentiel\/\" data-linkindex=\"1\" title=\"https:\/\/www.instagram.com\/fondationpuressentiel\/\">@fondationpuressentiel<\/a><\/b><\/span><\/p>\n<p>[\/et_pb_text][\/et_pb_column][\/et_pb_row][et_pb_row column_structure=\u00a0\u00bb1_2,1_2&Prime; _builder_version=\u00a0\u00bb3.25&Prime;][et_pb_column type=\u00a0\u00bb1_2&Prime; _builder_version=\u00a0\u00bb3.25&Prime; custom_padding=\u00a0\u00bb|||\u00a0\u00bb custom_padding__hover=\u00a0\u00bb|||\u00a0\u00bb][et_pb_text _builder_version=\u00a0\u00bb3.27.4&Prime; text_font=\u00a0\u00bbNunito||||||||\u00a0\u00bb text_font_size=\u00a0\u00bb16px\u00a0\u00bb text_line_height=\u00a0\u00bb1.4em\u00a0\u00bb]<\/p>\n<p style=\"text-align: center;\"><strong><img loading=\"lazy\" decoding=\"async\" src=\"https:\/\/hisaproject.org\/wp-content\/uploads\/2018\/12\/Logo-A-MO.jpg\" width=\"127\" height=\"216\" alt=\"\" class=\"wp-image-2177 aligncenter size-full\" srcset=\"https:\/\/hisaproject.org\/wp-content\/uploads\/2018\/12\/Logo-A-MO.jpg 3661w, https:\/\/hisaproject.org\/wp-content\/uploads\/2018\/12\/Logo-A-MO-177x300.jpg 177w, https:\/\/hisaproject.org\/wp-content\/uploads\/2018\/12\/Logo-A-MO-768x1304.jpg 768w, https:\/\/hisaproject.org\/wp-content\/uploads\/2018\/12\/Logo-A-MO-603x1024.jpg 603w, https:\/\/hisaproject.org\/wp-content\/uploads\/2018\/12\/Logo-A-MO-1080x1834.jpg 1080w\" sizes=\"auto, (max-width: 127px) 100vw, 127px\" \/><\/strong><\/p>\n<p style=\"text-align: justify;\"><strong><\/strong><\/p>\n<p style=\"text-align: justify;\"><strong>Street artist fran\u00e7ais n\u00e9 en 1982<\/strong><span>\u00a0<\/span>passionn\u00e9 par la nature et les animaux.\u00a0La<strong><span>\u00a0<\/span>\u00ab\u00a0jungle urbaine\u00a0\u00bb est son principal lieu d&rsquo;expression et la nature son sujet de pr\u00e9dilection<\/strong><strong>.<span>\u00a0<\/span><\/strong><strong>A-MO a d\u00e9velopp\u00e9 une technique tr\u00e8s personnelle<\/strong><span>\u00a0<\/span>qui consiste \u00e0<span>\u00a0<\/span><strong>peindre des animaux en superposant des tags<\/strong><span>\u00a0<\/span>(signatures stylis\u00e9es). Ces tags, r\u00e9alis\u00e9s principalement \u00e0 la bombe de peinture ou au marqueur, se chevauchent comme les couches de peinture \u00e0 l&rsquo;huile d&rsquo;un \u00ab\u00a0tableau classique\u00a0\u00bb.<span>\u00a0<\/span><strong>L\u2019artiste appelle cela \u00ab\u00a0le Paintag\u00a0\u00bb<\/strong>.<\/p>\n<p style=\"text-align: justify;\"><strong>Vainqueur du concours national d&rsquo;art urbain des Vibrations Urbaines 2015<\/strong>, A-MO int\u00e8gre la prestigieuse collection priv\u00e9e de Bernard Magrez en 2016 et multiplie les expositions et \u00e9v\u00e8nements artistiques. Son esth\u00e9tique singuli\u00e8re, reconnaissable au premier coup d&rsquo;\u0153il, permet rapidement \u00e0 l&rsquo;artiste de devenir une figure montante du mouvement street art.<\/p>\n<p style=\"text-align: justify;\"><strong>Aujourd&rsquo;hui, A-MO met son talent au profit des actions d&rsquo;HISA, en vendant une partie de ses magnifiques reproductions, dont l&rsquo;int\u00e9gralit\u00e9 des b\u00e9n\u00e9fices est revers\u00e9 \u00e0 nos projets !\u00a0<\/strong><\/p>\n<p style=\"text-align: center;\"><strong>Site internet\u00a0<\/strong>:<span>\u00a0<\/span><a href=\"http:\/\/a-mo-art.com\/\" data-saferedirecturl=\"https:\/\/www.google.com\/url?q=http:\/\/a-mo-art.com&amp;source=gmail&amp;ust=1544866043913000&amp;usg=AFQjCNE_VCKGxRY8OHEoO_Rdchx4Te7eeg\">a-mo-art.com<\/a><\/p>\n<p style=\"text-align: center;\"><strong>FB\u00a0<\/strong>: amostreetart<\/p>\n<p style=\"text-align: center;\"><strong>Instagram\u00a0<\/strong>: amoarts<\/p>\n<p style=\"font-weight: 400;\">\n[\/et_pb_text][\/et_pb_column][et_pb_column type=\u00a0\u00bb1_2&Prime; _builder_version=\u00a0\u00bb3.25&Prime; custom_padding=\u00a0\u00bb|||\u00a0\u00bb custom_padding__hover=\u00a0\u00bb|||\u00a0\u00bb][et_pb_text _builder_version=\u00a0\u00bb4.4.9&Prime; text_font=\u00a0\u00bbNunito||||||||\u00a0\u00bb text_font_size=\u00a0\u00bb16px\u00a0\u00bb text_line_height=\u00a0\u00bb1.4em\u00a0\u00bb custom_margin=\u00a0\u00bb1px||||false|false\u00a0\u00bb custom_padding=\u00a0\u00bb30px||\u00a0\u00bb hover_enabled=\u00a0\u00bb0&Prime;]<\/p>\n<p style=\"text-align: center;\"><strong><img loading=\"lazy\" decoding=\"async\" src=\"https:\/\/hisaproject.org\/wp-content\/uploads\/2019\/03\/lush-logo.png\" width=\"1024\" height=\"367\" alt=\"\" class=\"wp-image-2616 aligncenter size-full\" srcset=\"https:\/\/hisaproject.org\/wp-content\/uploads\/2019\/03\/lush-logo.png 1024w, https:\/\/hisaproject.org\/wp-content\/uploads\/2019\/03\/lush-logo-300x108.png 300w, https:\/\/hisaproject.org\/wp-content\/uploads\/2019\/03\/lush-logo-768x275.png 768w\" sizes=\"auto, (max-width: 1024px) 100vw, 1024px\" \/><\/strong><\/p>\n<p style=\"text-align: justify;\"><strong><\/strong><\/p>\n<p style=\"text-align: justify;\"><strong>Lush est une enseigne de produits cosm\u00e9tiques<span>\u00a0<\/span>tr\u00e8s appr\u00e9ci\u00e9e, \u00e0 la fois \u00e9thique et ludique, qui promet\u00a0<span>des produits \u00ab\u00a0frais\u00a0\u00bb et fabriqu\u00e9s \u00e0 la main, \u00e0 partir de produits naturels,\u00a0<\/span><span>100% V\u00e9g\u00e9tariens, 83% Vegan, 70% Auto-conserv\u00e9s et 38% Nus (sans emballage).\u00a0<\/span><\/strong><\/p>\n<p style=\"text-align: justify;\"><strong>Lush, contribue \u00e0 la pr\u00e9servation de l\u2019environnement, la protection des animaux et la d\u00e9fense des droits humains, <\/strong>en\u00a0donnant un coup de pouce aux associations et initiatives locales qui militent pour un changement durable et une soci\u00e9t\u00e9 plus juste, partout dans le monde.<\/p>\n<p style=\"text-align: justify;\"><strong>Afin de contribuer \u00e0 ce changement, Lush a mis en place un produit formidable pour le corps et les mains, qui renouvelle les mani\u00e8res habituelles de soutenir des associations caritatives : le Charity Pot.<\/strong><\/p>\n<p style=\"text-align: justify;\">100% du prix de vente du Charity Pot (moins la TVA) est revers\u00e9 sur un fond caritatif \u00e0 destination de projets associatifs qui correspondent \u00e0 son \u00e9thique et \u00e0 sa vision du monde de demain.<\/p>\n<p style=\"text-align: left;\"><strong>Dans cette optique, Lush a apport\u00e9 son soutien \u00e0 HISA dans le cadre de son projet d\u00e9di\u00e9 \u00e0 la cr\u00e9ation d&rsquo;un centre de sauvegarde en Tanzanie,<\/strong> en particulier la cr\u00e9ation d&rsquo;une voli\u00e8re de r\u00e9habilitation pour les perroquets\u00a0 gris du Gabon victimes du commerce ill\u00e9gal (plus d&rsquo;informations sur : <a href=\"https:\/\/developpement.hisaproject.org\/les-perroquets-gris-du-gabon\/\">https:\/\/developpement.hisaproject.org\/les-perroquets-gris-du-gabon\/<\/a>).<\/p>\n<p style=\"text-align: left;\">Pour en savoir plus sur LUSH, rendez-vous sur :<br \/> <a href=\"https:\/\/fr.lush.com\/\">fr.lush.com<\/a><\/p>\n<p style=\"font-weight: 400;\">\n[\/et_pb_text][\/et_pb_column][\/et_pb_row][et_pb_row column_structure=\u00a0\u00bb1_2,1_2&Prime; _builder_version=\u00a0\u00bb3.25&Prime; custom_margin=\u00a0\u00bb-3px|auto||auto||\u00a0\u00bb custom_padding=\u00a0\u00bb||100px|2px||\u00a0\u00bb][et_pb_column type=\u00a0\u00bb1_2&Prime; _builder_version=\u00a0\u00bb3.25&Prime; custom_padding=\u00a0\u00bb|||\u00a0\u00bb custom_padding__hover=\u00a0\u00bb|||\u00a0\u00bb][et_pb_text _builder_version=\u00a0\u00bb3.27.4&Prime; text_font=\u00a0\u00bbNunito||||||||\u00a0\u00bb text_font_size=\u00a0\u00bb16px\u00a0\u00bb text_line_height=\u00a0\u00bb1.4em\u00a0\u00bb]<\/p>\n<p style=\"text-align: center;\"><strong><img loading=\"lazy\" decoding=\"async\" src=\"https:\/\/hisaproject.org\/wp-content\/uploads\/2021\/04\/unnamed.png\" width=\"520\" height=\"68\" alt=\"\" class=\"wp-image-3339 aligncenter size-full\" \/><\/strong><\/p>\n<p style=\"text-align: justify;\"><strong><\/strong><\/p>\n<div style=\"text-align: justify;\"><span><\/span><\/div>\n<div style=\"text-align: justify;\"><strong>Sara Comte et\u00a0Julien Ly sont\u00a0deux\u00a0directeurs artistiques\u00a0et cr\u00e9atifs engag\u00e9s.\u00a0C\u2019est en 2015 qu&rsquo;ils d\u00e9cident de cr\u00e9er Freedom Process.\u00a0Convaincus que le design peut faire changer les mentalit\u00e9s.<\/strong><\/div>\n<div style=\"text-align: justify;\"><span>\u00a0<\/span><\/div>\n<div style=\"text-align: justify;\"><span>Sp\u00e9cialis\u00e9s en identit\u00e9 de marque globale,\u00a0leur travail englobe le graphisme et l&rsquo;identit\u00e9 visuelle,\u00a0<\/span><span>la sc\u00e9nographie, les expositions, les sites Web et\u00a0les communications. Ils montent des \u00e9quipes en fonction de leurs clients et\u00a0<\/span><span>de leurs projets<\/span><span>.\u00a0<\/span><span>Un r\u00e9seau d\u2019expert de confiance les entoure.<\/span><\/div>\n<div style=\"text-align: justify;\"><span>\u00a0<\/span><\/div>\n<div style=\"text-align: justify;\"><span><strong>Apr\u00e8s quelques ann\u00e9es d\u2019\u00e9tude pour un projet 100% auto-financ\u00e9 : INSTINCT PROJECT voit le jour, c\u2019est le d\u00e9but de l\u2019histoire avec HISA.<\/strong> Comme nous, ils souhaitent s&rsquo;entourer de personnes de confiance pour r\u00e9aliser des actions concr\u00e8tes et participer activement \u00e0 la sauvegarde des esp\u00e8ces en danger et la protection du vivant.\u00a0<\/span><strong>Puis en 2017, dans le cadre de l\u2019exposition \u00ab\u00a0Sauvages\u00a0\u00bb, \u00e0 l&rsquo;\u00e9co-syst\u00e8me Darwin \u00e0 Bordeaux, le studio s\u2019engage b\u00e9n\u00e9volement pendant 6 mois afin d&rsquo;apporter son aide \u00e0 HISA dans la mise en place de cet \u00e9v\u00e9nement\u00a0!<\/strong><\/div>\n<div style=\"text-align: justify;\"><span>\u00a0<\/span><\/div>\n<div style=\"text-align: justify;\"><span>Le studio travaille pour de multiples clients mais continue \u00e0 d\u00e9velopper des projets bienveillants.\u00a0<\/span><strong>Une structure adaptative, qui respire, qui bouge et qui n\u2019oublie pas de r\u00eaver !<\/strong><\/div>\n<div style=\"text-align: justify;\"><\/div>\n<div style=\"text-align: left;\">Pour en savoir plus, rendez-vous sur :<br \/> <a href=\"http:\/\/www.freedomprocessstudio.com\/\">www.freedomprocessstudio.com\/<\/a><\/div>\n<div><\/div>\n<p style=\"font-weight: 400;\">\n[\/et_pb_text][et_pb_text _builder_version=\u00a0\u00bb3.27.4&Prime; text_font=\u00a0\u00bb||||||||\u00a0\u00bb header_font=\u00a0\u00bb||||||||\u00a0\u00bb custom_margin_tablet=\u00a0\u00bb||90px\u00a0\u00bb custom_margin_phone=\u00a0\u00bb\u00a0\u00bb custom_margin_last_edited=\u00a0\u00bbon|desktop\u00a0\u00bb]<\/p>\n<p class=\"font_8\" style=\"text-align: justify;\"><span><a href=\"https:\/\/hisaproject.org\/wp-content\/uploads\/2020\/01\/Logo-buro-des-possibles.png\"><img loading=\"lazy\" decoding=\"async\" src=\"https:\/\/hisaproject.org\/wp-content\/uploads\/2020\/01\/Logo-buro-des-possibles.png\" width=\"250\" height=\"250\" alt=\"\" class=\"wp-image-4057 aligncenter size-full\" srcset=\"https:\/\/hisaproject.org\/wp-content\/uploads\/2020\/01\/Logo-buro-des-possibles.png 250w, https:\/\/hisaproject.org\/wp-content\/uploads\/2020\/01\/Logo-buro-des-possibles-150x150.png 150w\" sizes=\"auto, (max-width: 250px) 100vw, 250px\" \/><\/a><\/span><span>C\u2019est l\u2019histoire de trois Bordelaises d\u2019adoption qui se rencontrent lors de leur b\u00e9n\u00e9volat chez Supercoop en 2016.<br \/> Ces femmes, c\u2019est nous\u00a0! Les dr\u00f4les de dames. Les triplettes de Saint-Mich\u2019. Zo\u00e9, Laure et Alexandra\u00a0!<\/span><br \/> <span>Anim\u00e9es par des valeurs communes fortes et par l\u2019envie de prendre en main leur destin professionnel, elles ont conjugu\u00e9 leurs comp\u00e9tences, leur \u00e9nergie et leur enthousiasme pour donner naissance \u00e0 ce projet un peu fou de lieu hybride et convivial. En somme, un lieu o\u00f9 l\u2019on viendrait travailler ou se restaurer, d\u00e9guster un bon caf\u00e9 ou une p\u00e2tisserie,\u00a0 papoter, \u00e9changer, cr\u00e9er ou tout simplement se relaxer, comme \u00e0 la maison.<\/span><\/p>\n<p class=\"font_8\" style=\"text-align: justify;\"><span>Mais ce n&rsquo;est pas tout &#8230;<\/span><\/p>\n<p class=\"font_8\" style=\"text-align: justify;\"><span>Elles tentent aussi de r\u00e9duire au quotidien leur production de d\u00e9chets en privil\u00e9giant le vrac et les emballages \u00e9conomes ou recyclables.\u00a0<\/span><br \/> <span>Leurs d\u00e9chets organiques sont valoris\u00e9s et transform\u00e9s en compost (vive l\u2019\u00e9conomie circulaire\u00a0!) par l\u2019association bordelaise Les D\u00e9tritivores.\u00a0<\/span><span>Elles acceptent la monnaie locale (MIEL) pour encourager le commerce de proximit\u00e9. Et tout \u00e7a avec le sourire\u00a0!\u00a0<\/span><span>Et oui, elles sont les tr\u00e8s heureuses titulaires du label \u00ab\u00a0Ici avec le sourire\u00a0\u00bb qui identifie les commer\u00e7ants ind\u00e9pendants souriants !<\/span><\/p>\n<p class=\"font_8\" style=\"text-align: justify;\"><strong>L&rsquo;\u00e9quipe du Buro des Possibles fait partie des premiers partenaires d&rsquo;HISA et nous suivent depuis le d\u00e9but !\u00a0<\/strong><\/p>\n<p class=\"font_8\" style=\"text-align: left;\"><strong>Pour en savoir plus :<br \/> <a href=\"https:\/\/www.leburodespossibles.fr\/\">https:\/\/www.leburodespossibles.fr\/<\/a><\/strong><\/p>\n<p>[\/et_pb_text][et_pb_text _builder_version=\u00a0\u00bb4.9.2&Prime; text_font=\u00a0\u00bb||||||||\u00a0\u00bb header_font=\u00a0\u00bb||||||||\u00a0\u00bb custom_margin_tablet=\u00a0\u00bb||90px\u00a0\u00bb custom_margin_phone=\u00a0\u00bb\u00a0\u00bb custom_margin_last_edited=\u00a0\u00bbon|desktop\u00a0\u00bb]<\/p>\n<p class=\"font_8\" style=\"text-align: justify;\"><span><a href=\"https:\/\/hisaproject.org\/wp-content\/uploads\/2020\/01\/Logo-buro-des-possibles.png\"><img loading=\"lazy\" decoding=\"async\" src=\"https:\/\/hisaproject.org\/wp-content\/uploads\/2021\/04\/elephas.png\" width=\"180\" height=\"180\" alt=\"\" class=\"wp-image-6307 aligncenter size-full\" \/><\/a><\/span><span><\/span><strong><\/strong><\/p>\n<p class=\"font_8\" style=\"text-align: justify;\">Elephas, ce sont des cosm\u00e9tiques engag\u00e9s, fabriqu\u00e9s en France avec des ingr\u00e9dients purs et naturels venant d&rsquo;Afrique afin \u00e9galement d&rsquo;impliquer les femmes locales dans la pr\u00e9servation de la nature.<\/p>\n<p>D\u00e9j\u00e0 engag\u00e9 depuis 30 ans dans la protection de la faune et de la flore sauvage, ainsi que dans plusieurs programmes de pr\u00e9servation des \u00e9l\u00e9phants d&rsquo;Afrique, <strong>son fondateur a souhait\u00e9 aujourd&rsquo;hui soutenir notre projet de coexistence humains-\u00e9l\u00e9phants \u00e0 Gongo !\u00a0<\/strong><\/p>\n<p class=\"font_8\" style=\"text-align: left;\"><strong>Pour en savoir plus : <a href=\"https:\/\/www.elephas.fr\/\">www.elephas.fr<\/a><\/strong><\/p>\n<p>[\/et_pb_text][et_pb_text _builder_version=\u00a0\u00bb4.9.2&Prime; text_font=\u00a0\u00bb||||||||\u00a0\u00bb header_font=\u00a0\u00bb||||||||\u00a0\u00bb custom_margin_tablet=\u00a0\u00bb||90px\u00a0\u00bb custom_margin_phone=\u00a0\u00bb\u00a0\u00bb custom_margin_last_edited=\u00a0\u00bbon|desktop\u00a0\u00bb]<\/p>\n<p class=\"font_8\" style=\"text-align: justify;\"><span><a href=\"https:\/\/hisaproject.org\/wp-content\/uploads\/2020\/01\/Logo-buro-des-possibles.png\"><img loading=\"lazy\" decoding=\"async\" src=\"https:\/\/hisaproject.org\/wp-content\/uploads\/2020\/05\/jW4NORKM-2.png\" width=\"341\" height=\"143\" alt=\"\" class=\"wp-image-5652 aligncenter size-full\" srcset=\"https:\/\/hisaproject.org\/wp-content\/uploads\/2020\/05\/jW4NORKM-2.png 341w, https:\/\/hisaproject.org\/wp-content\/uploads\/2020\/05\/jW4NORKM-2-300x126.png 300w\" sizes=\"auto, (max-width: 341px) 100vw, 341px\" \/><\/a><\/span><span><\/span><strong><\/strong><\/p>\n<p class=\"font_8\" style=\"text-align: justify;\"><strong>HISA est fi\u00e8re de devenir officiellement membre du collectif international 1% for the Planet France.<\/strong> Les marques dont les produits portent ce logo reversent 1% de leurs ventes \u00e0 des organisations qui se battent pour prot\u00e9ger l\u2019environnement.<\/p>\n<p class=\"font_8\" style=\"text-align: left;\"><strong>Pour en savoir plus : <a href=\"https:\/\/www.onepercentfortheplanet.fr\/\">www.onepercentfortheplanet.fr<\/a><\/strong><\/p>\n<p>[\/et_pb_text][et_pb_text _builder_version=\u00a0\u00bb4.4.9&Prime; text_font=\u00a0\u00bb||||||||\u00a0\u00bb header_font=\u00a0\u00bb||||||||\u00a0\u00bb custom_margin_tablet=\u00a0\u00bb||90px\u00a0\u00bb custom_margin_phone=\u00a0\u00bb\u00a0\u00bb custom_margin_last_edited=\u00a0\u00bbon|desktop\u00a0\u00bb]<\/p>\n<p class=\"font_8\" style=\"text-align: justify;\"><span><a href=\"https:\/\/hisaproject.org\/wp-content\/uploads\/2020\/01\/Logo-buro-des-possibles.png\"><img loading=\"lazy\" decoding=\"async\" src=\"https:\/\/hisaproject.org\/wp-content\/uploads\/2022\/11\/C-Users-conta-AppData-Local-Packages-BlueMail.BlueMailEmail_t08282y3j4hc4-LocalCache-Roaming-BlueMail-Content-0-Inline-_48_46_48_95_51_119_114_49_46_48_95_51_119_114_49-image001.png\" width=\"324\" height=\"133\" alt=\"\" class=\"wp-image-6975 aligncenter size-full\" \/><\/a><\/span><span><\/span><strong><\/strong><\/p>\n<p class=\"font_8\" style=\"text-align: justify;\"><span><\/span><\/p>\n<p style=\"text-align: justify;\">Depuis\u00a0plus\u00a0de\u00a010\u00a0ans,\u00a0la\u00a0<strong>Maisons\u00a0du\u00a0Monde\u00a0Foundation<\/strong>\u00a0contribue \u00e0\u00a0la\u00a0pr\u00e9servation\u00a0des\u00a0for\u00eats\u00a0et\u00a0des\u00a0arbres\u00a0en\u00a0France\u00a0et \u00e0\u00a0l\u2019international,\u00a0partout\u00a0o\u00f9\u00a0il\u00a0y\u00a0a\u00a0urgence\u00a0d\u2019agir.\u00a0Pour\u00a0cela,\u00a0ils\u00a0utilisent\u00a0deux\u00a0moyens\u00a0d\u2019action :<br \/> &#8211;\u00a0Le\u00a0soutien\u00a0financier\u00a0et\u00a0l\u2019accompagnement\u00a0d\u2019associations\u00a0qui\u00a0mettent\u00a0en\u00a0place,\u00a0sur\u00a0le\u00a0terrain,\u00a0des\u00a0programmes\u00a0de\u00a0pr\u00e9servation\u00a0men\u00e9s\u00a0par\u00a0et\u00a0pour\u00a0les\u00a0populations\u00a0locales,<br \/> &#8211;\u00a0La\u00a0mise\u00a0en\u00a0place\u00a0de\u00a0programmes\u00a0de\u00a0sensibilisation \u00e0\u00a0l\u2019environnement et\u00a0de\u00a0reconnexion \u00e0\u00a0la\u00a0nature\u00a0destin\u00e9s\u00a0au\u00a0grand\u00a0public.<\/p>\n<p style=\"text-align: justify;\">\u00a0En\u00a02022,\u00a0ils\u00a0ont\u00a0d\u00e9cid\u00e9\u00a0de\u00a0soutenir\u00a0HISA\u00a0dans\u00a0le\u00a0cadre\u00a0de\u00a0la\u00a0mise\u00a0en\u00a0place\u00a0de\u00a0notre\u00a0projet\u00a0de for\u00eats partag\u00e9es, visant \u00e0 assurer\u00a0une\u00a0meilleure\u00a0coexistence\u00a0humains &#8211; \u00e9l\u00e9phants\u00a0aux\u00a0abords\u00a0du\u00a0parc\u00a0national\u00a0de\u00a0Saadani,\u00a0en\u00a0Tanzanie.<\/p>\n<p class=\"font_8\" style=\"text-align: left;\"><strong>Pour en savoir plus :\u00a0<a href=\"https:\/\/foundation.maisonsdumonde.com\/\">https:\/\/foundation.maisonsdumonde.com\/<\/a><\/strong><\/p>\n<p>[\/et_pb_text][et_pb_text _builder_version=\u00a0\u00bb4.4.9&Prime; text_font=\u00a0\u00bb||||||||\u00a0\u00bb header_font=\u00a0\u00bb||||||||\u00a0\u00bb custom_margin_tablet=\u00a0\u00bb||90px\u00a0\u00bb custom_margin_phone=\u00a0\u00bb\u00a0\u00bb custom_margin_last_edited=\u00a0\u00bbon|desktop\u00a0\u00bb]<\/p>\n<p class=\"font_8\" style=\"text-align: justify;\"><span><a href=\"https:\/\/hisaproject.org\/wp-content\/uploads\/2020\/01\/Logo-buro-des-possibles.png\"><img loading=\"lazy\" decoding=\"async\" src=\"https:\/\/hisaproject.org\/wp-content\/uploads\/2022\/12\/t\u00e9l\u00e9chargement.png\" width=\"149\" height=\"228\" alt=\"\" class=\"wp-image-6981 aligncenter size-full\" \/><\/a><\/span><span><\/span><strong><\/strong><\/p>\n<p class=\"font_8\" style=\"text-align: justify;\"><span><\/span><\/p>\n<p style=\"text-align: justify;\">L\u2019espace d\u2019accueil et de s\u00e9minaires \u00ab\u00a0EVASION\u00a0\u00bb a \u00e9t\u00e9 con\u00e7u par l&rsquo;h\u00f4tel MERCURE de Paris Gare du Nord de mani\u00e8re \u00e0 sensibiliser les participants aux enjeux de conservation, et aux difficult\u00e9s rencontr\u00e9es aujourd\u2019hui par la faune sauvage, tels que la d\u00e9gradation des habitats ou le braconnage pour le commerce ill\u00e9gal. Les supports p\u00e9dagogiques qui seront expos\u00e9s au sein de cet espace d\u2019accueil se voudront de source fiable et experte.<\/p>\n<p style=\"text-align: justify;\">C\u2019est dans cette optique, que l&rsquo;h\u00f4tel reverse 1\u20ac par participant r\u00e9servant son espace de r\u00e9union, afin de soutenir HISA dans la mise en place ses projets de conservation et sensibiliser le grand public aux enjeux de pr\u00e9servation de l&rsquo;environnement.<\/p>\n<p class=\"font_8\" style=\"text-align: left;\"><strong>Pour en savoir plus : <a href=\"http:\/\/evasionmeeting.com\/\" target=\"_blank\" rel=\"noopener noreferrer\" title=\"http:\/\/evasionmeeting.com\/\">evasionmeeting.com<\/a><span>\u00a0<\/span><\/strong><\/p>\n<p>[\/et_pb_text][\/et_pb_column][et_pb_column type=\u00a0\u00bb1_2&Prime; _builder_version=\u00a0\u00bb3.25&Prime; custom_padding=\u00a0\u00bb|||\u00a0\u00bb custom_padding__hover=\u00a0\u00bb|||\u00a0\u00bb][et_pb_text _builder_version=\u00a0\u00bb4.4.9&Prime; text_font=\u00a0\u00bb||||||||\u00a0\u00bb header_text_align=\u00a0\u00bbjustify\u00a0\u00bb text_orientation=\u00a0\u00bbjustified\u00a0\u00bb custom_margin=\u00a0\u00bb-39px||||false|false\u00a0\u00bb custom_padding=\u00a0\u00bb0px|||||\u00a0\u00bb hover_enabled=\u00a0\u00bb0&Prime;]<\/p>\n<p><a href=\"https:\/\/developpement.hisaproject.org\/wp-content\/uploads\/2020\/03\/itancia.png\"><img loading=\"lazy\" decoding=\"async\" class=\"size-medium wp-image-4068 aligncenter\" src=\"https:\/\/hisaproject.org\/wp-content\/uploads\/2021\/04\/itancia-300x228-1.png\" alt=\"\" width=\"300\" height=\"228\" \/><\/a><\/p>\n<p>Depuis 1991, <strong>Itancia<\/strong> commercialise du mat\u00e9riel de t\u00e9l\u00e9phonie d\u2019entreprise \u00e9co-recycl\u00e9 et ne cesse de diversifier ses activit\u00e9s au fil du temps. Engag\u00e9 dans la protection de la nature et soucieux de \u201cl&rsquo;urgence \u00e0 agir pour d\u00e9fendre notre plan\u00e8te que l\u2019activit\u00e9 humaine d\u00e9truit \u00e0 un rythme jamais connu\u201d, le pr\u00e9sident Yann Pineau a cr\u00e9\u00e9 le fonds de dotation Intancia en 2011 afin de favoriser une bonne coexistence entre une croissance \u00e9conomique et l\u2019\u00e9cologie.<\/p>\n<p>La sauvegarde des milieux naturels, la valorisation des pratiques respectueuses de l\u2019environnement, la lutte contre les d\u00e9chets et la pollution ou encore la protection des esp\u00e8ces et de leur habitat sont au c\u0153ur des pr\u00e9occupations des membres d\u2019Itancia qui ont donc aid\u00e9 plusieurs projets li\u00e9s \u00e0 la protection de l\u2019environnement.<\/p>\n<p><b>Nous sommes ravis aujourd&rsquo;hui de compter Itancia parmi\u00a0nos soutiens financiers dans le cadre du projet Tortue \u00e0 Madagascar.<\/b><\/p>\n<p style=\"text-align: left;\">Pour en savoir plus :<br \/> <a href=\"https:\/\/www.fondsdedotationitancia.com\/\">https:\/\/www.fondsdedotationitancia.com\/\u00a0<\/a><\/p>\n<p>[\/et_pb_text][et_pb_text _builder_version=\u00a0\u00bb4.4.9&Prime; text_font=\u00a0\u00bb||||||||\u00a0\u00bb header_text_align=\u00a0\u00bbjustify\u00a0\u00bb text_orientation=\u00a0\u00bbjustified\u00a0\u00bb]<\/p>\n<p><img loading=\"lazy\" decoding=\"async\" src=\"https:\/\/hisaproject.org\/wp-content\/uploads\/2021\/04\/Sans-bpa.jpg\" width=\"800\" height=\"420\" alt=\"\" class=\"wp-image-6302 aligncenter size-full\" \/><\/p>\n<p class=\"Standard\" style=\"text-align: justify;\">Sans-pba est une entreprise familiale qui ne vend que des produits sans plastique. Dans sa d\u00e9marche de r\u00e9duire notre pollution de la plan\u00e8te, elle offre un panel d&rsquo;objets, produits d&rsquo;hygi\u00e8ne et ustensiles du quotidien, adapt\u00e9s \u00e0 tous les \u00e2ges. Elle s&rsquo;est aussi engag\u00e9e pour l&rsquo;environnement de mani\u00e8re plus globale en devenant membre d&rsquo;1% pour la plan\u00e8te.<\/p>\n<p class=\"Standard\" style=\"text-align: justify;\"><strong>Nous remercions infiniment les deux fondateurs de sans-bpa Katia et Guillaume pour leur soutien financier \u00e0 HISA\u00a0!<\/strong><\/p>\n<p style=\"text-align: left;\">Pour en savoir plus :<a href=\"https:\/\/www.sans-bpa.com\/\"> www.sans-bpa.com<\/a><\/p>\n<p>[\/et_pb_text][et_pb_text _builder_version=\u00a0\u00bb4.9.2&Prime; text_font=\u00a0\u00bb||||||||\u00a0\u00bb header_text_align=\u00a0\u00bbjustify\u00a0\u00bb text_orientation=\u00a0\u00bbjustified\u00a0\u00bb]<\/p>\n<p class=\"Standard\" style=\"text-align: justify;\"><img loading=\"lazy\" decoding=\"async\" src=\"https:\/\/hisaproject.org\/wp-content\/uploads\/2021\/04\/243_1517_DEAL_Guyane_large.jpg\" width=\"154\" height=\"196\" alt=\"\" class=\"wp-image-6310 aligncenter size-full\" \/><img loading=\"lazy\" decoding=\"async\" src=\"https:\/\/hisaproject.org\/wp-content\/uploads\/2021\/04\/odeadom.jpg\" width=\"161\" height=\"121\" alt=\"\" class=\"wp-image-6311 aligncenter size-full\" \/>Encore un tr\u00e8s grand merci \u00e0\u00a0 la DEAL (Direction de l\u2019Environnement, de l\u2019Am\u00e9nagement et du Logement) et \u00e0 l\u2019ODEADOM pour avoir renouvel\u00e9 leur soutien financier aupr\u00e8s d&rsquo;HISA. Il va permettre le prolongement du projet COFEEL en Guyane pendant 16 mois suppl\u00e9mentaires.<\/p>\n<p>[\/et_pb_text][et_pb_text _builder_version=\u00a0\u00bb4.4.9&Prime; text_font=\u00a0\u00bb||||||||\u00a0\u00bb header_text_align=\u00a0\u00bbjustify\u00a0\u00bb text_orientation=\u00a0\u00bbjustified\u00a0\u00bb]<\/p>\n<p class=\"Standard\" style=\"text-align: justify;\"><img loading=\"lazy\" decoding=\"async\" src=\"https:\/\/hisaproject.org\/wp-content\/uploads\/2021\/06\/89533855_102574944705818_6810461407121768448_n.png\" width=\"249\" height=\"163\" alt=\"\" class=\"wp-image-6733 aligncenter size-full\" \/><br \/><span>Le\u00a0<\/span><wbr \/><span>Vintage\u00a0<\/span><wbr \/><span>Group\u00a0<\/span><wbr \/><span>a \u00e9<\/span><wbr \/><span>t\u00e9\u00a0<\/span><wbr \/><span>fond\u00e9\u00a0<\/span><wbr \/><span>r\u00e9<\/span><wbr \/><span>cemment,\u00a0<\/span><wbr \/><span>en\u00a0<\/span><wbr \/><span>janvier\u00a0<\/span><wbr \/><span>2020,\u00a0<\/span><wbr \/><span>et\u00a0<\/span><wbr \/><span>est\u00a0<\/span><wbr \/><span>issu\u00a0<\/span><wbr \/><span>de\u00a0<\/span><wbr \/><span>l&rsquo;association\u00a0<\/span><wbr \/><span>de\u00a0<\/span><wbr \/><span>six\u00a0<\/span><wbr \/><span>bars\u00a0<\/span><wbr \/><span>bordelais :\u00a0<\/span><wbr \/><span>le\u00a0<\/span><wbr \/><span>Vintage\u00a0<\/span><wbr \/><span>Bar,\u00a0<\/span><wbr \/><span>le\u00a0<\/span><wbr \/><span>Vintage\u00a0<\/span><wbr \/><span>Caf\u00e9,\u00a0<\/span><wbr \/><span>le\u00a0<\/span><wbr \/><span>Singe\u00a0<\/span><wbr \/><span>Vert,\u00a0<\/span><wbr \/><span>le\u00a0<\/span><wbr \/><span>Balthazar,\u00a0<\/span><wbr \/><span>l&rsquo;Engrenage\u00a0<\/span><wbr \/><span>et\u00a0<\/span><wbr \/><span>le\u00a0<\/span><wbr \/><span>Rockwood.\u00a0<\/span><wbr \/><span>Malgr\u00e9\u00a0<\/span><wbr \/><span>la\u00a0<\/span><wbr \/><span>crise\u00a0<\/span><wbr \/><span>sanitaire,\u00a0<\/span><wbr \/><span>le\u00a0<\/span><wbr \/><span>groupe\u00a0<\/span><wbr \/><span>a\u00a0<\/span><wbr \/><span>d\u00e9<\/span><wbr \/><span>cid\u00e9\u00a0<\/span><wbr \/><span>de\u00a0<\/span><wbr \/><span>reverser\u00a0<\/span><wbr \/><span>1%\u00a0<\/span><wbr \/><span>de\u00a0<\/span><wbr \/><span>son\u00a0<\/span><wbr \/><span>chiffre\u00a0<\/span><wbr \/><span>d&rsquo;affaires \u00e0\u00a0<\/span><wbr \/><span>une\u00a0<\/span><wbr \/><span>association\u00a0<\/span><wbr \/><span>via\u00a0<\/span><wbr \/><span>le\u00a0<\/span><wbr \/><span>collectif\u00a0<\/span><wbr \/><span>1%\u00a0<\/span><wbr \/><span>pour\u00a0<\/span><wbr \/><span>la\u00a0<\/span><wbr \/><span>plan\u00e8<\/span><wbr \/><span>te.\u00a0<\/span><wbr \/><span>Nous\u00a0<\/span><wbr \/><span>sommes\u00a0<\/span><wbr \/><span>tr\u00e8<\/span><wbr \/><span>s\u00a0<\/span><wbr \/><span>heureux\u00a0<\/span><wbr \/><span>qu&rsquo;ils\u00a0<\/span><wbr \/><span>aient\u00a0<\/span><wbr \/><span>fait\u00a0<\/span><wbr \/><span>le\u00a0<\/span><wbr \/><span>choix\u00a0<\/span><wbr \/><span>de\u00a0<\/span><wbr \/><span>soutenir\u00a0<\/span><wbr \/><span>les\u00a0<\/span><wbr \/><span>actions\u00a0<\/span><wbr \/><span>d&rsquo;HISA.<\/span><\/p>\n<p class=\"Standard\" style=\"text-align: justify;\"><span>Nous\u00a0<\/span><wbr \/><span>appr\u00e9<\/span><wbr \/><span>cions\u00a0<\/span><wbr \/><span>tout\u00a0<\/span><wbr \/><span>particuli\u00e8<\/span><wbr \/><span>rement\u00a0<\/span><wbr \/><span>d&rsquo;\u00ea<\/span><wbr \/><span>tre\u00a0<\/span><wbr \/><span>aid\u00e9\u00a0<\/span><wbr \/><span>par\u00a0<\/span><wbr \/><span>une\u00a0<\/span><wbr \/><span>entreprise\u00a0<\/span><wbr \/><span>locale,\u00a0<\/span><wbr \/><span>merci\u00a0<\/span><wbr \/><span>encore !<\/span><\/p>\n<p>[\/et_pb_text][et_pb_text _builder_version=\u00a0\u00bb4.4.9&Prime; text_font=\u00a0\u00bb||||||||\u00a0\u00bb header_text_align=\u00a0\u00bbjustify\u00a0\u00bb text_orientation=\u00a0\u00bbjustified\u00a0\u00bb]<\/p>\n<p class=\"Standard\"><img loading=\"lazy\" decoding=\"async\" src=\"https:\/\/hisaproject.org\/wp-content\/uploads\/2022\/11\/dn_logo_2019.png\" width=\"210\" height=\"149\" alt=\"\" class=\"wp-image-6974 aligncenter size-full\" style=\"display: block; margin-left: auto; margin-right: auto;\" \/><\/p>\n<div dir=\"auto\" style=\"text-align: justify;\">\n<div dir=\"auto\"><b><\/b><\/div>\n<div dir=\"auto\"><b>L\u2019<wbr \/>entreprise\u00a0<wbr \/>Ekibio<wbr \/><\/b>,<wbr \/><b>\u00a0<\/b><wbr \/>cr\u00e9\u00e9<wbr \/>e\u00a0<wbr \/>en\u00a0<wbr \/>1988,\u00a0<wbr \/>fabrique,\u00a0<wbr \/>transforme\u00a0<wbr \/>et\u00a0<wbr \/>commercialise\u00a0<wbr \/>des\u00a0<wbr \/>produits\u00a0<wbr \/>biologiques\u00a0<wbr \/>et\u00a0<wbr \/>respectueux\u00a0<wbr \/>de\u00a0<wbr \/>l\u2019<wbr \/>environnement.\u00a0<wbr \/>Au-<wbr \/>del\u00e0\u00a0<wbr \/>de\u00a0<wbr \/>ses\u00a0<wbr \/>activit\u00e9<wbr \/>s\u00a0<wbr \/>commerciales,\u00a0<wbr \/>Ekibio\u00a0<wbr \/>est\u00a0<wbr \/>engag\u00e9<wbr \/>e\u00a0<wbr \/>dans\u00a0<wbr \/>une\u00a0<wbr \/>d\u00e9<wbr \/>marche\u00a0<wbr \/>responsable\u00a0<wbr \/>et\u00a0<wbr \/>durable,\u00a0<wbr \/>et\u00a0<wbr \/>vise \u00e0 \u00e9<wbr \/>veiller\u00a0<wbr \/>les\u00a0<wbr \/>consciences\u00a0<wbr \/>sur\u00a0<wbr \/>la\u00a0<wbr \/>protection\u00a0<wbr \/>de\u00a0<wbr \/>l\u2019<wbr \/>environnement\u00a0<wbr \/>et\u00a0<wbr \/>les\u00a0<wbr \/>modes\u00a0<wbr \/>de\u00a0<wbr \/>consommation\u00a0<wbr \/>et\u00a0<wbr \/>de\u00a0<wbr \/>production\u00a0<wbr \/>plus\u00a0<wbr \/>respectueux\u00a0<wbr \/>du\u00a0<wbr \/>consommateur,\u00a0<wbr \/>de\u00a0<wbr \/>sa\u00a0<wbr \/>sant\u00e9\u00a0<wbr \/>et\u00a0<wbr \/>de\u00a0<wbr \/>l\u2019<wbr \/>environnement.\u00a0<wbr \/><\/div>\n<div dir=\"auto\"><\/div>\n<p class=\"p7\"><wbr \/>Dans\u00a0<wbr \/>ce\u00a0<wbr \/>cadre-<wbr \/>l\u00e0,\u00a0<wbr \/>Ekibio\u00a0<wbr \/>a\u00a0<wbr \/>souhait\u00e9\u00a0<wbr \/>adh\u00e9<wbr \/>rer\u00a0<wbr \/>au\u00a0<wbr \/>collectif \u00ab\u00a0<wbr \/>1%\u00a0<wbr \/>for\u00a0<wbr \/>the\u00a0<wbr \/>Planet\u00a0\u00bb\u00a0<wbr \/>avec\u00a0<wbr \/>sa\u00a0<wbr \/>marque\u00a0<wbr \/>de\u00a0<wbr \/>produits\u00a0<wbr \/>d\u2019<wbr \/>hygi\u00e8<wbr \/>ne\u00a0<wbr \/>DOUCE\u00a0<wbr \/>NATURE.\u00a0<wbr \/>C&rsquo;est \u00e0\u00a0<wbr \/>travers\u00a0<wbr \/>cette\u00a0<wbr \/>d\u00e9<wbr \/>marche\u00a0<wbr \/>qu&rsquo;\u00a0<wbr \/>Ekibio\u00a0<wbr \/>soutient\u00a0<wbr \/>notre\u00a0<wbr \/>association\u00a0<wbr \/>HISA\u00a0<wbr \/>dans\u00a0<wbr \/>la\u00a0<wbr \/>mise\u00a0<wbr \/>en\u00a0<wbr \/>place\u00a0<wbr \/>d&rsquo;un\u00a0<wbr \/>projet\u00a0<wbr \/>visant \u00e0\u00a0<wbr \/>assurer\u00a0<wbr \/><wbr \/>une\u00a0<wbr \/>meilleure\u00a0<wbr \/>coexistence\u00a0<wbr \/>humains-\u00e9<wbr \/>l\u00e9<wbr \/>phants\u00a0<wbr \/>au\u00a0<wbr \/>parc\u00a0<wbr \/>national\u00a0<wbr \/>de\u00a0<wbr \/>Saadani,\u00a0<wbr \/>en\u00a0<wbr \/>Tanzanie<wbr \/>.<\/p>\n<p class=\"p7\">\n<p class=\"p7\"><strong>Pour en savoir plus :\u00a0<a href=\"https:\/\/www.ekibio.fr\/nos-marques\/douce-nature\">https:\/\/www.ekibio.fr\/nos-marques\/douce-nature<\/a><\/strong><\/p>\n<p class=\"p7\">\n<\/div>\n<p>[\/et_pb_text][et_pb_text _builder_version=\u00a0\u00bb4.4.9&Prime; text_font=\u00a0\u00bb||||||||\u00a0\u00bb header_text_align=\u00a0\u00bbjustify\u00a0\u00bb text_orientation=\u00a0\u00bbjustified\u00a0\u00bb]<\/p>\n<p class=\"Standard\"><img loading=\"lazy\" decoding=\"async\" src=\"https:\/\/hisaproject.org\/wp-content\/uploads\/2022\/11\/logo2021ab.png\" width=\"209\" height=\"175\" alt=\"\" class=\"wp-image-6973 aligncenter size-full\" \/><\/p>\n<div dir=\"auto\" style=\"text-align: justify;\">\n<div dir=\"auto\"><b><\/b><\/div>\n<div dir=\"auto\"><strong>La\u00a0<wbr \/>Fondation\u00a0<wbr \/>Lemarchand<\/strong>,\u00a0<wbr \/>membre\u00a0<wbr \/>du\u00a0<wbr \/>collectif\u00a0<wbr \/>1%\u00a0<wbr \/>for\u00a0<wbr \/>the\u00a0<wbr \/>Planet,\u00a0<wbr \/>soutient\u00a0<wbr \/>des\u00a0<wbr \/>associations\u00a0<wbr \/>qui\u00a0<wbr \/>cherchent \u00e0\u00a0<wbr \/>d\u00e9<wbr \/>velopper\u00a0<wbr \/>des\u00a0<wbr \/>modes\u00a0<wbr \/>de\u00a0<wbr \/>vie\u00a0<wbr \/>et\u00a0<wbr \/>des\u00a0<wbr \/>comportements \u00e9<wbr \/>cologiques,\u00a0<wbr \/>en\u00a0<wbr \/>respect\u00a0<wbr \/>avec\u00a0<wbr \/>la\u00a0<wbr \/>Terre,\u00a0<wbr \/>plus\u00a0<wbr \/>particuli\u00e8<wbr \/>rement\u00a0<wbr \/>dans\u00a0<wbr \/>les\u00a0<wbr \/>domaines\u00a0<wbr \/>de\u00a0<wbr \/>l\u2019<wbr \/>agro-\u00e9<wbr \/>cologie\u00a0<wbr \/>et\u00a0<wbr \/>de\u00a0<wbr \/>l\u2019<wbr \/>alimentation.\u00a0<wbr \/>Elle\u00a0<wbr \/>cherche \u00e9<wbr \/>galement \u00e0\u00a0<wbr \/>promouvoir\u00a0<wbr \/>des\u00a0<wbr \/>relations\u00a0<wbr \/>privil\u00e9<wbr \/>gi\u00e9<wbr \/>es\u00a0<wbr \/>de\u00a0<wbr \/>l\u2019<wbr \/>Homme\u00a0<wbr \/>avec\u00a0<wbr \/>une\u00a0<wbr \/>nature\u00a0<wbr \/>pr\u00e9<wbr \/>serv\u00e9<wbr \/>e\u00a0<wbr \/>qui\u00a0<wbr \/>lui\u00a0<wbr \/>permettra\u00a0<wbr \/>de\u00a0<wbr \/>se\u00a0<wbr \/>construire\u00a0<wbr \/>et\u00a0<wbr \/>de\u00a0<wbr \/>se\u00a0<wbr \/>soigner.\u00a0<\/div>\n<div dir=\"auto\"><\/div>\n<div dir=\"auto\"><wbr \/>Dans\u00a0<wbr \/>cette\u00a0<wbr \/>optique,\u00a0<wbr \/>nous\u00a0<wbr \/>sommes\u00a0<wbr \/>heureux\u00a0<wbr \/>de\u00a0<wbr \/>pouvoir\u00a0<wbr \/>compter\u00a0<wbr \/>sur\u00a0<wbr \/>le\u00a0<wbr \/>soutien\u00a0<wbr \/>de\u00a0<wbr \/>la\u00a0<wbr \/>Fondation\u00a0<wbr \/>Lemarchand\u00a0<wbr \/>qui\u00a0<wbr \/>a\u00a0<wbr \/>d\u00e9<wbr \/>cid\u00e9\u00a0<wbr \/>d&rsquo;aider\u00a0<wbr \/>HISA \u00e0\u00a0<wbr \/>la\u00a0<wbr \/>mise\u00a0<wbr \/>en\u00a0<wbr \/>place\u00a0<wbr \/>de\u00a0<wbr \/>notre\u00a0<wbr \/>projet\u00a0<wbr \/>visant \u00e0\u00a0<wbr \/>assurer\u00a0<wbr \/>une\u00a0<wbr \/>meilleure\u00a0<wbr \/>coexistence\u00a0<wbr \/>humains-\u00e9<wbr \/>l\u00e9<wbr \/>phants\u00a0<wbr \/>aux\u00a0<wbr \/>abords\u00a0<wbr \/>du\u00a0<wbr \/>parc\u00a0<wbr \/>national\u00a0<wbr \/>de\u00a0<wbr \/>Saadani,\u00a0<wbr \/>en\u00a0<wbr \/>Tanzanie.<\/div>\n<div dir=\"auto\"><\/div>\n<p class=\"p7\"><strong>Pour en savoir plus :\u00a0<a href=\"https:\/\/www.ekibio.fr\/nos-marques\/douce-nature\">https:\/\/www.fondationlemarchand.org\/<\/a><\/strong><\/p>\n<\/div>\n<p>[\/et_pb_text][\/et_pb_column][\/et_pb_row][et_pb_row _builder_version=\u00a0\u00bb3.25&Prime; background_size=\u00a0\u00bbinitial\u00a0\u00bb background_position=\u00a0\u00bbtop_left\u00a0\u00bb background_repeat=\u00a0\u00bbrepeat\u00a0\u00bb custom_padding=\u00a0\u00bb||6px|||\u00a0\u00bb][et_pb_column type=\u00a0\u00bb4_4&Prime; _builder_version=\u00a0\u00bb3.25&Prime; custom_padding=\u00a0\u00bb|||\u00a0\u00bb custom_padding__hover=\u00a0\u00bb|||\u00a0\u00bb][et_pb_text _builder_version=\u00a0\u00bb4.4.9&Prime; text_font=\u00a0\u00bbOswald|600||on|||||\u00a0\u00bb text_text_color=\u00a0\u00bb#3c3c3c\u00a0\u00bb text_font_size=\u00a0\u00bb45px\u00a0\u00bb text_line_height=\u00a0\u00bb1em\u00a0\u00bb]<\/p>\n<p>nos partenaires :<\/p>\n<p>[\/et_pb_text][et_pb_divider divider_position=\u00a0\u00bbcenter\u00a0\u00bb divider_weight=\u00a0\u00bb15px\u00a0\u00bb _builder_version=\u00a0\u00bb4.9.2&Prime; transform_scale=\u00a0\u00bb111%|111%\u00a0\u00bb width=\u00a0\u00bb100%\u00a0\u00bb max_width=\u00a0\u00bb38%\u00a0\u00bb module_alignment=\u00a0\u00bbleft\u00a0\u00bb custom_margin=\u00a0\u00bb-1px|-1px|0px|0px|false|false\u00a0\u00bb custom_padding=\u00a0\u00bb0px|0px||21px|false|false\u00a0\u00bb][\/et_pb_divider][\/et_pb_column][\/et_pb_row][et_pb_row column_structure=\u00a0\u00bb1_5,1_5,1_5,1_5,1_5&Prime; _builder_version=\u00a0\u00bb4.9.2&Prime;][et_pb_column type=\u00a0\u00bb1_5&Prime; _builder_version=\u00a0\u00bb4.9.2&Prime;][et_pb_image src=\u00a0\u00bbhttps:\/\/hisaproject.org\/wp-content\/uploads\/2021\/04\/OFB_190702_PHILOGENIQUE_JG-02.jpg\u00a0\u00bb title_text=\u00a0\u00bbOFB_190702_PHILOGENIQUE_JG-02&Prime; _builder_version=\u00a0\u00bb4.9.2&Prime;][\/et_pb_image][et_pb_image src=\u00a0\u00bbhttps:\/\/hisaproject.org\/wp-content\/uploads\/2021\/04\/logo-ile-laterite-1-2-1.jpg\u00a0\u00bb title_text=\u00a0\u00bblogo-ile-laterite (1) 2&Prime; _builder_version=\u00a0\u00bb4.9.2&Prime;][\/et_pb_image][et_pb_image src=\u00a0\u00bbhttps:\/\/hisaproject.org\/wp-content\/uploads\/2021\/06\/chateau-fayat.jpg\u00a0\u00bb title_text=\u00a0\u00bbchateau-fayat\u00a0\u00bb _builder_version=\u00a0\u00bb4.4.9&Prime;][\/et_pb_image][\/et_pb_column][et_pb_column type=\u00a0\u00bb1_5&Prime; _builder_version=\u00a0\u00bb4.9.2&Prime;][et_pb_image src=\u00a0\u00bbhttps:\/\/hisaproject.org\/wp-content\/uploads\/2021\/04\/onca-10c3e4b7844b4ba1bd47b49b61187677.jpg\u00a0\u00bb title_text=\u00a0\u00bbONCA VECTO\u00a0\u00bb _builder_version=\u00a0\u00bb4.9.2&Prime;][\/et_pb_image][et_pb_image src=\u00a0\u00bbhttps:\/\/hisaproject.org\/wp-content\/uploads\/2021\/04\/KAC.jpg\u00a0\u00bb title_text=\u00a0\u00bbKAC\u00a0\u00bb _builder_version=\u00a0\u00bb4.9.2&Prime;][\/et_pb_image][\/et_pb_column][et_pb_column type=\u00a0\u00bb1_5&Prime; _builder_version=\u00a0\u00bb4.9.2&Prime;][et_pb_image src=\u00a0\u00bbhttps:\/\/hisaproject.org\/wp-content\/uploads\/2021\/04\/graine.png\u00a0\u00bb title_text=\u00a0\u00bbgraine\u00a0\u00bb _builder_version=\u00a0\u00bb4.9.2&Prime;][\/et_pb_image][et_pb_image src=\u00a0\u00bbhttps:\/\/hisaproject.org\/wp-content\/uploads\/2021\/04\/ELT.jpg\u00a0\u00bb title_text=\u00a0\u00bbELT\u00a0\u00bb _builder_version=\u00a0\u00bb4.9.2&Prime;][\/et_pb_image][et_pb_image src=\u00a0\u00bbhttps:\/\/hisaproject.org\/wp-content\/uploads\/2021\/04\/bellefontaine-logo-2.png\u00a0\u00bb title_text=\u00a0\u00bbbellefontaine logo 2&Prime; _builder_version=\u00a0\u00bb4.9.2&Prime;][\/et_pb_image][\/et_pb_column][et_pb_column type=\u00a0\u00bb1_5&Prime; _builder_version=\u00a0\u00bb4.9.2&Prime;][et_pb_image src=\u00a0\u00bbhttps:\/\/hisaproject.org\/wp-content\/uploads\/2021\/04\/logo-apapag-fond-transparent-e1610499848773.png\u00a0\u00bb title_text=\u00a0\u00bblogo-apapag-fond-transparent-e1610499848773&Prime; _builder_version=\u00a0\u00bb4.9.2&Prime;][\/et_pb_image][et_pb_image src=\u00a0\u00bbhttps:\/\/hisaproject.org\/wp-content\/uploads\/2021\/04\/logo-SANA.png\u00a0\u00bb title_text=\u00a0\u00bblogo SANA\u00a0\u00bb _builder_version=\u00a0\u00bb4.9.2&Prime;][\/et_pb_image][et_pb_image src=\u00a0\u00bbhttps:\/\/hisaproject.org\/wp-content\/uploads\/2021\/04\/lestrille.jpg\u00a0\u00bb title_text=\u00a0\u00bblestrille\u00a0\u00bb _builder_version=\u00a0\u00bb4.9.2&Prime;][\/et_pb_image][\/et_pb_column][et_pb_column type=\u00a0\u00bb1_5&Prime; _builder_version=\u00a0\u00bb4.9.2&Prime;][et_pb_image src=\u00a0\u00bbhttps:\/\/hisaproject.org\/wp-content\/uploads\/2021\/04\/matiti.jpg\u00a0\u00bb title_text=\u00a0\u00bbmatiti\u00a0\u00bb _builder_version=\u00a0\u00bb4.9.2&Prime;][\/et_pb_image][et_pb_image src=\u00a0\u00bbhttps:\/\/hisaproject.org\/wp-content\/uploads\/2021\/06\/cropped-cropped-logo-mairie-st-germain-du-puch.png\u00a0\u00bb title_text=\u00a0\u00bbcropped-cropped-logo-mairie-st-germain-du-puch\u00a0\u00bb _builder_version=\u00a0\u00bb4.4.9&Prime;][\/et_pb_image][\/et_pb_column][\/et_pb_row][\/et_pb_section]<\/p>\n","protected":false},"excerpt":{"rendered":"<p>[et_pb_section fb_built=\u00a0\u00bb1&Prime; fullwidth=\u00a0\u00bbon\u00a0\u00bb _builder_version=\u00a0\u00bb3.22&Prime;][et_pb_fullwidth_slider _builder_version=\u00a0\u00bb4.4.9&Prime; header_font=\u00a0\u00bb||||||||\u00a0\u00bb background_image=\u00a0\u00bbhttps:\/\/hisaproject.org\/wp-content\/uploads\/2023\/05\/Design-sans-titre-1.png\u00a0\u00bb custom_padding=\u00a0\u00bb200px||200px|||\u00a0\u00bb][et_pb_slide heading=\u00a0\u00bbNos partenaires\u00a0\u00bb use_bg_overlay=\u00a0\u00bbon\u00a0\u00bb _builder_version=\u00a0\u00bb4.4.9&Prime; header_font=\u00a0\u00bbOswald|500||on|||||\u00a0\u00bb header_font_size=\u00a0\u00bb64px\u00a0\u00bb background_color=\u00a0\u00bb#ffffff\u00a0\u00bb] [\/et_pb_slide][\/et_pb_fullwidth_slider][\/et_pb_section][et_pb_section fb_built=\u00a0\u00bb1&Prime; admin_label=\u00a0\u00bbProducts Section\u00a0\u00bb _builder_version=\u00a0\u00bb3.22&Prime; custom_padding=\u00a0\u00bb100px|0px|110px|0px|false|false\u00a0\u00bb][et_pb_row _builder_version=\u00a0\u00bb3.25&Prime; background_size=\u00a0\u00bbinitial\u00a0\u00bb background_position=\u00a0\u00bbtop_left\u00a0\u00bb background_repeat=\u00a0\u00bbrepeat\u00a0\u00bb custom_padding=\u00a0\u00bb||6px|||\u00a0\u00bb][et_pb_column type=\u00a0\u00bb4_4&Prime; _builder_version=\u00a0\u00bb3.25&Prime; custom_padding=\u00a0\u00bb|||\u00a0\u00bb custom_padding__hover=\u00a0\u00bb|||\u00a0\u00bb][et_pb_text _builder_version=\u00a0\u00bb4.9.2&Prime; text_font=\u00a0\u00bbOswald|600||on|||||\u00a0\u00bb text_text_color=\u00a0\u00bb#3c3c3c\u00a0\u00bb text_font_size=\u00a0\u00bb45px\u00a0\u00bb] M\u00e9c\u00e9nat et subventions : [\/et_pb_text][et_pb_divider divider_position=\u00a0\u00bbcenter\u00a0\u00bb divider_weight=\u00a0\u00bb15px\u00a0\u00bb _builder_version=\u00a0\u00bb4.9.2&Prime; transform_scale=\u00a0\u00bb111%|111%\u00a0\u00bb width=\u00a0\u00bb100%\u00a0\u00bb max_width=\u00a0\u00bb38%\u00a0\u00bb module_alignment=\u00a0\u00bbleft\u00a0\u00bb custom_margin=\u00a0\u00bb-1px|-1px|0px|0px|false|false\u00a0\u00bb custom_padding=\u00a0\u00bb0px|0px||21px|false|false\u00a0\u00bb][\/et_pb_divider][\/et_pb_column][\/et_pb_row][et_pb_row column_structure=\u00a0\u00bb1_2,1_2&Prime; _builder_version=\u00a0\u00bb3.25&Prime; custom_padding=\u00a0\u00bb27px|0px|50px|0px|false|false\u00a0\u00bb][et_pb_column type=\u00a0\u00bb1_2&Prime; _builder_version=\u00a0\u00bb3.25&Prime; custom_padding=\u00a0\u00bb|||\u00a0\u00bb custom_padding__hover=\u00a0\u00bb|||\u00a0\u00bb][et_pb_image [&hellip;]<\/p>\n","protected":false},"author":11,"featured_media":0,"parent":0,"menu_order":0,"comment_status":"closed","ping_status":"closed","template":"","meta":{"_et_pb_use_builder":"on","_et_pb_old_content":"<p>\u00a0<\/p><p>\u00c0 travers leurs appuis financiers, leurs produits, leurs services en nature et leur communication, les entreprises et organisations partenaires qui soutiennent nos projets, jouent un r\u00f4le essentiel dans le combat que m\u00e8ne HISA pour que les animaux soient respect\u00e9s et prot\u00e9g\u00e9s partout dans le monde. C'est pourquoi nous sommes fiers de leur t\u00e9moigner ici notre reconnaissance et notre gratitude pour leur engagement sans faille envers nos causes.<\/p><p><strong>Merci \u00e0 nos partenaires :\u00a0<\/strong><\/p><p><a href=\"https:\/\/hisaproject.org\/wp-content\/uploads\/2018\/12\/instinct.png\"><img class=\"size-full wp-image-1598 aligncenter\" src=\"https:\/\/hisaproject.org\/wp-content\/uploads\/2018\/12\/instinct.png\" alt=\"\" width=\"173\" height=\"162\" \/><\/a><\/p><p>Porte drapeau d\u2019une nouvelle \u00e9conomie, Instinct Project est une d\u00e9monstration de ce que pourrait \u00eatre la mode de demain : un activisme vertueux ! Le concept ? Reverser \u00ab des droits d\u2019auteur \u00bb \u00e0 la nature.<\/p><p>Instinct Project a pour vocation d'apporter du sens \u00e0 la mode, de faire conna\u00eetre des esp\u00e8ces trop souvent m\u00e9connues, de se fondre dans leur \" peau \" de mani\u00e8re responsable pour les prot\u00e9ger en retour. Koko\u00ef de colombie, Tortue \u00e9toil\u00e9e de Madagascar, Z\u00e8bre de Givry, etc, autant d'esp\u00e8ces en danger repr\u00e9sent\u00e9es au travers des cr\u00e9ations \" Sp\u00e9cimen \". De la cr\u00e9ation \u00e0 la fabrication, Instinct Project en fait aucune concession. Toutes les cr\u00e9ations sont en Jacquard de Tencel - le fil le plus responsable aujourd'hui - et la fabrication est 100% fran\u00e7aise. De plus, la marque s'engage en reversant 10% de ses b\u00e9n\u00e9fices \u00e0 HISA.<\/p><p style=\"text-align: center;\">..........................................................................................................................................................................................................<\/p><p><a href=\"https:\/\/hisaproject.org\/wp-content\/uploads\/2018\/12\/30-M-Amis.jpg\"><img class=\"aligncenter size-full wp-image-1599\" src=\"https:\/\/hisaproject.org\/wp-content\/uploads\/2018\/12\/30-M-Amis.jpg\" alt=\"\" width=\"116\" height=\"211\" \/><\/a><\/p><p>La Fondation 30 Millions d'Amis, reconnue d'utilit\u00e9 publique, oeuvre sur tous les fronts pour d\u00e9fendre et prot\u00e9ger les animaux et \u00e9duque les nouvelles g\u00e9n\u00e9rations au respect de la vie animale. Unique en France par l'\u00e9tendue de ses actions et sa capacit\u00e9 \u00e0 mobiliser la soci\u00e9t\u00e9 \u00e0 la cause qu'elle d\u00e9fend, ses combats sur le terrain et ses grandes campagnes de sensibilisation en font un acteur majeur de la protection animale. Interlocuteur privil\u00e9gi\u00e9 des pouvoirs public, elle contribue - gr\u00e2ce \u00e0 son expertise - \u00e0 faire \u00e9voluer la l\u00e9gislation en faveur des animaux. Son action ne se limite pas aux seules fronti\u00e8res de l'hexagone, mais s'\u00e9tend \u00e9galement \u00e0 l'\u00e9tranger, relay\u00e9e et renforc\u00e9e par son immense communaut\u00e9 tr\u00e8s mobilis\u00e9e et r\u00e9active sur les r\u00e9seaux sociaux.<\/p><p>La fondation a apport\u00e9 son soutien \u00e0 l'occasion de l'exposition organis\u00e9e par HISA, intitul\u00e9e SAUVAGES, qui a pour vocation de sensibiliser le grand public au drame de la captivit\u00e9 animale \u00e0 des fins de divertissement. Plus d'infos sur :\u00a0<a href=\"http:\/\/exposauvages.fr\">http:\/\/exposauvages.fr<\/a><\/p><p>\u00a0<\/p>","_et_gb_content_width":"","_mi_skip_tracking":false,"footnotes":""},"class_list":["post-1592","page","type-page","status-publish","hentry"],"_links":{"self":[{"href":"https:\/\/hisaproject.org\/index.php?rest_route=\/wp\/v2\/pages\/1592","targetHints":{"allow":["GET"]}}],"collection":[{"href":"https:\/\/hisaproject.org\/index.php?rest_route=\/wp\/v2\/pages"}],"about":[{"href":"https:\/\/hisaproject.org\/index.php?rest_route=\/wp\/v2\/types\/page"}],"author":[{"embeddable":true,"href":"https:\/\/hisaproject.org\/index.php?rest_route=\/wp\/v2\/users\/11"}],"replies":[{"embeddable":true,"href":"https:\/\/hisaproject.org\/index.php?rest_route=%2Fwp%2Fv2%2Fcomments&post=1592"}],"version-history":[{"count":81,"href":"https:\/\/hisaproject.org\/index.php?rest_route=\/wp\/v2\/pages\/1592\/revisions"}],"predecessor-version":[{"id":8688,"href":"https:\/\/hisaproject.org\/index.php?rest_route=\/wp\/v2\/pages\/1592\/revisions\/8688"}],"wp:attachment":[{"href":"https:\/\/hisaproject.org\/index.php?rest_route=%2Fwp%2Fv2%2Fmedia&parent=1592"}],"curies":[{"name":"wp","href":"https:\/\/api.w.org\/{rel}","templated":true}]}}